{"id":1138,"date":"2025-08-16T19:27:19","date_gmt":"2025-08-16T17:27:19","guid":{"rendered":"http:\/\/spc-fundamentalaikido.fr\/?post_type=tribe_events&#038;p=1138"},"modified":"2026-01-11T13:00:44","modified_gmt":"2026-01-11T12:00:44","slug":"stage-dete-6eme-edition","status":"publish","type":"tribe_events","link":"https:\/\/spc-fundamentalaikido.fr\/?tribe_events=stage-dete-6eme-edition","title":{"rendered":"Stage d\u2019\u00e9t\u00e9 (6\u00e8me \u00e9dition) \u00e0 Ste Honorine la Chardonne (61)"},"content":{"rendered":"<div class=\"tribe-events-schedule tribe-clearfix\">\n\t<h2 class=\"tribe-events-schedule__datetime\">\n\t\t<span class=\"tribe-events-schedule__date tribe-events-schedule__date--start\">\n\t\t\t5 ao\u00fbt 2026\t\t<\/span>\n\n\t\t\t\t\t<span class=\"tribe-events-schedule__separator tribe-events-schedule__separator--date\">\n\t\t\t\t @ \t\t\t<\/span>\n\t\t\t<span class=\"tribe-events-schedule__time tribe-events-schedule__time--start\">\n\t\t\t\t16h00\t\t\t<\/span>\n\t\t\n\t\t\t\t\t\t\t\t\t<span class=\"tribe-events-schedule__separator tribe-events-schedule__separator--time\">\n\t\t\t\t\t &#8211; \t\t\t\t<\/span>\n\t\t\t\n\t\t\t\t\t\t\t<span class=\"tribe-events-schedule__date tribe-events-schedule__date--end\">\n\t\t\t\t\t11 ao\u00fbt 2026\t\t\t\t<\/span>\n\n\t\t\t\t\t\t\t\t\t<span class=\"tribe-events-schedule__separator tribe-events-schedule__separator--date\">\n\t\t\t\t\t\t @ \t\t\t\t\t<\/span>\n\t\t\t\t\t<span class=\"tribe-events-schedule__time tribe-events-schedule__time--end\">\n\t\t\t\t\t\t14h00\t\t\t\t\t<\/span>\n\t\t\t\t\n\t\t\t\n\t\t\t\t\t\t<\/h2>\n<\/div>\n\n\n\n<p>Stage d\u2019\u00e9t\u00e9 style <em>uchi-deshi<\/em> (h\u00e9bergement sur place et pr\u00e9paration des repas en commun) organis\u00e9 par Martin Florentin. <\/p>\n\n\n\n<p>Il est possible de ne participer qu\u2019\u00e0 une partie du stage et pas toute la semaine.<\/p>\n\n\n<div class=\"tribe-block tribe-block__event-price\">\n\t\t<\/div>\n\n\n<div class=\"tribe-block tribe-block__organizer__details tribe-clearfix\">\n\t<div class=\"tribe-block__organizer__title\">\n\t\t<h3>Martin FLORENTIN<\/h3>\n\t<\/div>\n\t\t\t\t<p class=\"tribe-block__organizer__website\"><a href=\"https:\/\/www.facebook.com\/martin.kawasemi\" target=\"_self\" rel=\"external\">View Organizer Website<\/a><\/p>\n\t\t<\/div>\n\n\n<div class=\"tribe-block tribe-block__venue tribe-block__venue--has-map\">\n\t\n\t\n<div class=\"tribe-block__venue__meta\">\n\t<div class=\"tribe-block__venue__name\">\n\t\t<h3>Domaine de la Boderie<\/h3>\n\t<\/div>\n\n\t\n\t\t\t<address class=\"tribe-block__venue__address\">\n\t\t\t<span class=\"tribe-address\">\n\n<span class=\"tribe-street-address\">La Boderie<\/span>\n\t\n\t\t<br>\n\t\t<span class=\"tribe-locality\">Sainte-Honorine-la-Chardonne<\/span><span class=\"tribe-delimiter\">,<\/span>\n\n\n\t<span class=\"tribe-postal-code\">61430<\/span>\n\n\t<span class=\"tribe-country-name\">France<\/span>\n\n<\/span>\n\n\t\t\t\t\t\t\t<a class=\"tribe-events-gmap\" href=\"https:\/\/maps.google.com\/maps?f=q&#038;source=s_q&#038;hl=en&#038;geocode=&#038;q=La+Boderie+Sainte-Honorine-la-Chardonne+61430+France\" title=\"Cliquez pour voir une carte Google Map\" target=\"_blank\" rel=\"noreferrer noopener\">+ Google Map<\/a>\t\t\t\t\t<\/address>\n\t\n\t\n\t\t\t<span class=\"tribe-block__venue__website\"><a href=\"https:\/\/www.domainedelaboderie.fr\/\" target=\"_self\" rel=\"external\">View Venue Website<\/a><\/span><br \/>\n\t\n\t<\/div>\n\t\n<div class=\"tribe-block__venue__map\">\n\t\n<iframe\n  width=\"100%\"\n  height=\"350px\"\n  frameborder=\"0\" style=\"border:0\"\n  src=\"https:\/\/www.google.com\/maps\/embed\/v1\/place?key=AIzaSyDNsicAsP6-VuGtAb1O9riI3oc_NOb7IOU&#038;q=La+Boderie+Sainte-Honorine-la-Chardonne+61430+France+\" allowfullscreen>\n<\/iframe><\/div>\n\n\t<\/div>\n\n\n\n\n\t<div class=\"tribe-block tribe-block__events-link\">\n\t\t\t\t\t<div class=\"tribe-block__btn--link tribe-block__events-gcal\">\n\t\t\t\t<a\n\t\t\t\t\thref=\"https:\/\/www.google.com\/calendar\/event?action=TEMPLATE&#038;text=Stage+d%E2%80%99%C3%A9t%C3%A9+%286%C3%A8me+%C3%A9dition%29+%C3%A0+Ste+Honorine+la+Chardonne+%2861%29&#038;dates=20260805T160000\/20260811T140000&#038;details=+%0A+%0AStage+d%E2%80%99%C3%A9t%C3%A9+style+uchi-deshi+%28h%C3%A9bergement+sur+place+et+pr%C3%A9paration+des+repas+en+commun%29+organis%C3%A9+par+Martin+Florentin.++%0A+%0A+%0AIl+est+possible+de+ne+participer+qu%E2%80%99%C3%A0+une+partie+du+stage+et+pas+toute+la+semaine.+%0A+%0A+%0A+%0A+%0A+%0A+%0A&#038;location=Domaine+de+la+Boderie%2C+La+Boderie%2C+Sainte-Honorine-la-Chardonne%2C+61430%2C+France&#038;trp=false&#038;sprop=website:https:\/\/spc-fundamentalaikido.fr&#038;ctz=Europe%2FParis\"\n\t\t\t\t\ttitle=\"Ajouter \u00e0 Google Agenda\"\n\t\t\t\t>\n\t\t\t\t\t<img src=\"https:\/\/spc-fundamentalaikido.fr\/wp-content\/plugins\/the-events-calendar\/common\/src\/modules\/icons\/link.svg\" \/>\n\t\t\t\t\tGoogle Agenda\t\t\t\t<\/a>\n\t\t\t<\/div>\n\t\t\t\t\t\t\t<div class=\"tribe-block__btn--link tribe-block__-events-ical\">\n\t\t\t\t<a\n\t\t\t\t\thref=\"https:\/\/spc-fundamentalaikido.fr\/?tribe_events=stage-dete-6eme-edition&#038;ical=1\"\n\t\t\t\t\ttitle=\"T\u00e9l\u00e9charger le fichier .ics\"\n\t\t\t\t>\n\t\t\t\t\t<img src=\"https:\/\/spc-fundamentalaikido.fr\/wp-content\/plugins\/the-events-calendar\/common\/src\/modules\/icons\/link.svg\" \/>\n\t\t\t\t\tExporter vers iCal\t\t\t\t<\/a>\n\t\t\t<\/div>\n\t\t\t<\/div>\n\n","protected":false},"excerpt":{"rendered":"<p>Stage d\u2019\u00e9t\u00e9 style uchi-deshi (h\u00e9bergement sur place et pr\u00e9paration des repas en commun) organis\u00e9 par Martin Florentin. Il est possible de ne participer qu\u2019\u00e0 une partie du stage et pas&hellip;<\/p>\n","protected":false},"author":3,"featured_media":0,"comment_status":"closed","ping_status":"closed","template":"","meta":{"_EventAllDay":false,"_EventTimezone":"Europe\/Paris","_EventStartDate":"2026-08-05 16:00:00","_EventEndDate":"2026-08-11 14:00:00","_EventStartDateUTC":"2026-08-05 14:00:00","_EventEndDateUTC":"2026-08-11 12:00:00","_EventShowMap":true,"_EventShowMapLink":true,"_EventURL":"","_EventCost":"","_EventCostDescription":"","_EventCurrencySymbol":"\u20ac","_EventCurrencyPosition":"suffix","_EventDateTimeSeparator":" @ ","_EventTimeRangeSeparator":" - ","_EventOrganizerID":[1140],"_EventVenueID":1139,"_OrganizerEmail":"","_OrganizerPhone":"","_OrganizerWebsite":"","_VenueAddress":"","_VenueCity":"","_VenueCountry":"","_VenueProvince":"","_VenueZip":"","_VenuePhone":"","_VenueURL":"","_VenueStateProvince":"","_VenueLat":"","_VenueLng":""},"tags":[],"tribe_events_cat":[14],"_links":{"self":[{"href":"https:\/\/spc-fundamentalaikido.fr\/index.php?rest_route=\/wp\/v2\/tribe_events\/1138"}],"collection":[{"href":"https:\/\/spc-fundamentalaikido.fr\/index.php?rest_route=\/wp\/v2\/tribe_events"}],"about":[{"href":"https:\/\/spc-fundamentalaikido.fr\/index.php?rest_route=\/wp\/v2\/types\/tribe_events"}],"author":[{"embeddable":true,"href":"https:\/\/spc-fundamentalaikido.fr\/index.php?rest_route=\/wp\/v2\/users\/3"}],"replies":[{"embeddable":true,"href":"https:\/\/spc-fundamentalaikido.fr\/index.php?rest_route=%2Fwp%2Fv2%2Fcomments&post=1138"}],"version-history":[{"count":4,"href":"https:\/\/spc-fundamentalaikido.fr\/index.php?rest_route=\/wp\/v2\/tribe_events\/1138\/revisions"}],"predecessor-version":[{"id":1598,"href":"https:\/\/spc-fundamentalaikido.fr\/index.php?rest_route=\/wp\/v2\/tribe_events\/1138\/revisions\/1598"}],"wp:attachment":[{"href":"https:\/\/spc-fundamentalaikido.fr\/index.php?rest_route=%2Fwp%2Fv2%2Fmedia&parent=1138"}],"wp:term":[{"taxonomy":"post_tag","embeddable":true,"href":"https:\/\/spc-fundamentalaikido.fr\/index.php?rest_route=%2Fwp%2Fv2%2Ftags&post=1138"},{"taxonomy":"tribe_events_cat","embeddable":true,"href":"https:\/\/spc-fundamentalaikido.fr\/index.php?rest_route=%2Fwp%2Fv2%2Ftribe_events_cat&post=1138"}],"curies":[{"name":"wp","href":"https:\/\/api.w.org\/{rel}","templated":true}]}}